{"id":2582,"date":"2022-03-02T17:33:46","date_gmt":"2022-03-02T16:33:46","guid":{"rendered":"http:\/\/wordpress.missgriff.org\/?page_id=2582"},"modified":"2025-10-14T11:34:01","modified_gmt":"2025-10-14T09:34:01","slug":"v","status":"publish","type":"page","link":"http:\/\/wordpress.missgriff.org\/?page_id=2582","title":{"rendered":"V."},"content":{"rendered":"<h2><span style=\"font-family: helvetica, arial, sans-serif; font-size: 18pt; color: #000000;\"><span style=\"font-size: 24pt;\"><span style=\"font-size: 36pt; color: #ff0000;\">V.<\/span><br \/>\n<\/span> <\/span><\/h2>\n<p><img loading=\"lazy\" class=\"size-full wp-image-1963 alignnone\" src=\"http:\/\/wordpress.missgriff.org\/wp-content\/uploads\/2017\/12\/bandjaun.jpg\" alt=\"\" width=\"1045\" height=\"20\" srcset=\"http:\/\/wordpress.missgriff.org\/wp-content\/uploads\/2017\/12\/bandjaun.jpg 1045w, http:\/\/wordpress.missgriff.org\/wp-content\/uploads\/2017\/12\/bandjaun-768x15.jpg 768w, http:\/\/wordpress.missgriff.org\/wp-content\/uploads\/2017\/12\/bandjaun-830x16.jpg 830w, http:\/\/wordpress.missgriff.org\/wp-content\/uploads\/2017\/12\/bandjaun-230x4.jpg 230w, http:\/\/wordpress.missgriff.org\/wp-content\/uploads\/2017\/12\/bandjaun-350x7.jpg 350w, http:\/\/wordpress.missgriff.org\/wp-content\/uploads\/2017\/12\/bandjaun-480x9.jpg 480w\" sizes=\"(max-width: 1045px) 100vw, 1045px\" \/><strong><span style=\"font-family: helvetica, arial, sans-serif; font-size: 18pt; color: #000000;\"><span style=\"color: #993366;\">Propos<img loading=\"lazy\" class=\"size-full wp-image-1963 alignnone\" src=\"http:\/\/wordpress.missgriff.org\/wp-content\/uploads\/2017\/12\/bandjaun.jpg\" alt=\"\" width=\"1045\" height=\"20\" srcset=\"http:\/\/wordpress.missgriff.org\/wp-content\/uploads\/2017\/12\/bandjaun.jpg 1045w, http:\/\/wordpress.missgriff.org\/wp-content\/uploads\/2017\/12\/bandjaun-768x15.jpg 768w, http:\/\/wordpress.missgriff.org\/wp-content\/uploads\/2017\/12\/bandjaun-830x16.jpg 830w, http:\/\/wordpress.missgriff.org\/wp-content\/uploads\/2017\/12\/bandjaun-230x4.jpg 230w, http:\/\/wordpress.missgriff.org\/wp-content\/uploads\/2017\/12\/bandjaun-350x7.jpg 350w, http:\/\/wordpress.missgriff.org\/wp-content\/uploads\/2017\/12\/bandjaun-480x9.jpg 480w\" sizes=\"(max-width: 1045px) 100vw, 1045px\" \/><\/span><\/span><\/strong><span style=\"font-family: helvetica, arial, sans-serif; font-size: 14pt; color: #000000;\">V. est un long po\u00e8me \u00e9pique et dramatique, datant de 1985, \u00e9crit en alexandrin par Tony Harrison, po\u00e8te anglais.<\/span><br \/>\n<span style=\"font-family: helvetica, arial, sans-serif; font-size: 14pt; color: #000000;\">Un po\u00e8te vient se recueillir sur la tombe familiale et d\u00e9couvre que tout le cimeti\u00e8re a \u00e9t\u00e9 tagu\u00e9 par des skins&nbsp;: Des hooligans, avec leurs habituelles croix gamm\u00e9es, noms des clubs de foot, injures contre les immigr\u00e9s, insultes aux anciens m\u00e9tiers grav\u00e9s sur les dalles\u2026 etc.<\/span><\/p>\n<p align=\"justify\"><span style=\"font-family: helvetica, arial, sans-serif; font-size: 14pt; color: #000000;\">\u00c0 partir de cette d\u00e9couverte o\u00f9 TOUT fait d\u00e9j\u00e0 m\u00e9taphore \u00ab&nbsp;d\u2019un monde&nbsp;\u00bb qui a sombr\u00e9 et du drame du n\u00f4tre qui s\u2019\u00e9croule par-dessus, notre po\u00e8te est pris d\u2019une rumination folle, existentielle ET politique.<\/span><br \/>\n<span style=\"font-family: helvetica, arial, sans-serif; font-size: 14pt; color: #000000;\">Il nous embarque alors dans une aventure o\u00f9 la po\u00e9sie, menac\u00e9e pourtant d\u2019\u00eatre mise \u00e0 terre face au d\u00e9sastre social, sera seule capable de toucher au c\u0153ur de questions br\u00fblantes.<\/span><\/p>\n<p align=\"justify\"><span style=\"font-family: helvetica, arial, sans-serif; font-size: 14pt; color: #000000;\">Nous avons choisi choisi de porter V. \u00e0 la sc\u00e8ne parce qu\u2019ici peut se dire l\u2019obsession que cause la responsabilit\u00e9 pour l\u2019autre, mais aussi parce qu\u2019on y est vraiment invit\u00e9 \u00e0 soutenir le D\u00e9sir, avec un grand D., qui en est l\u2019origine.<\/span><\/p>\n<p align=\"justify\"><span style=\"color: #000000;\"><img loading=\"lazy\" class=\"alignright wp-image-2572 size-full\" src=\"http:\/\/wordpress.missgriff.org\/wp-content\/uploads\/2022\/03\/new-page-hooligans-scaled.jpg\" alt=\"\" width=\"2560\" height=\"1666\" srcset=\"http:\/\/wordpress.missgriff.org\/wp-content\/uploads\/2022\/03\/new-page-hooligans-scaled.jpg 2560w, http:\/\/wordpress.missgriff.org\/wp-content\/uploads\/2022\/03\/new-page-hooligans-768x500.jpg 768w, http:\/\/wordpress.missgriff.org\/wp-content\/uploads\/2022\/03\/new-page-hooligans-1536x1000.jpg 1536w, http:\/\/wordpress.missgriff.org\/wp-content\/uploads\/2022\/03\/new-page-hooligans-2048x1333.jpg 2048w, http:\/\/wordpress.missgriff.org\/wp-content\/uploads\/2022\/03\/new-page-hooligans-830x540.jpg 830w, http:\/\/wordpress.missgriff.org\/wp-content\/uploads\/2022\/03\/new-page-hooligans-230x150.jpg 230w, http:\/\/wordpress.missgriff.org\/wp-content\/uploads\/2022\/03\/new-page-hooligans-350x228.jpg 350w, http:\/\/wordpress.missgriff.org\/wp-content\/uploads\/2022\/03\/new-page-hooligans-480x312.jpg 480w\" sizes=\"(max-width: 2560px) 100vw, 2560px\" \/><\/span><\/p>\n<p align=\"justify\">&nbsp;<\/p>\n<h2><span style=\"font-family: helvetica, arial, sans-serif; font-size: 18pt; color: #000000;\"><img loading=\"lazy\" class=\"size-full wp-image-1963 alignnone\" src=\"http:\/\/wordpress.missgriff.org\/wp-content\/uploads\/2017\/12\/bandjaun.jpg\" alt=\"\" width=\"1045\" height=\"20\" srcset=\"http:\/\/wordpress.missgriff.org\/wp-content\/uploads\/2017\/12\/bandjaun.jpg 1045w, http:\/\/wordpress.missgriff.org\/wp-content\/uploads\/2017\/12\/bandjaun-768x15.jpg 768w, http:\/\/wordpress.missgriff.org\/wp-content\/uploads\/2017\/12\/bandjaun-830x16.jpg 830w, http:\/\/wordpress.missgriff.org\/wp-content\/uploads\/2017\/12\/bandjaun-230x4.jpg 230w, http:\/\/wordpress.missgriff.org\/wp-content\/uploads\/2017\/12\/bandjaun-350x7.jpg 350w, http:\/\/wordpress.missgriff.org\/wp-content\/uploads\/2017\/12\/bandjaun-480x9.jpg 480w\" sizes=\"(max-width: 1045px) 100vw, 1045px\" \/><span style=\"color: #993366;\">Origine du projet: par Jonathan Renier<\/span><br \/>\n<img loading=\"lazy\" class=\"size-full wp-image-1963 alignnone\" src=\"http:\/\/wordpress.missgriff.org\/wp-content\/uploads\/2017\/12\/bandjaun.jpg\" alt=\"\" width=\"1045\" height=\"20\" srcset=\"http:\/\/wordpress.missgriff.org\/wp-content\/uploads\/2017\/12\/bandjaun.jpg 1045w, http:\/\/wordpress.missgriff.org\/wp-content\/uploads\/2017\/12\/bandjaun-768x15.jpg 768w, http:\/\/wordpress.missgriff.org\/wp-content\/uploads\/2017\/12\/bandjaun-830x16.jpg 830w, http:\/\/wordpress.missgriff.org\/wp-content\/uploads\/2017\/12\/bandjaun-230x4.jpg 230w, http:\/\/wordpress.missgriff.org\/wp-content\/uploads\/2017\/12\/bandjaun-350x7.jpg 350w, http:\/\/wordpress.missgriff.org\/wp-content\/uploads\/2017\/12\/bandjaun-480x9.jpg 480w\" sizes=\"(max-width: 1045px) 100vw, 1045px\" \/><br \/>\n<\/span><\/h2>\n<p><span style=\"font-family: helvetica, arial, sans-serif; font-size: 14pt; color: #000000;\">La premi\u00e8re&nbsp; fois que j&rsquo;ai lu ce po\u00e8me de Tony Harrison, cela a \u00e9t\u00e9 un coup de coeur et un coup de poing.&nbsp;<\/span><br \/>\n<span style=\"font-family: helvetica, arial, sans-serif; font-size: 14pt; color: #000000;\">L&rsquo;\u00e9pop\u00e9e dramatique du po\u00e8te, sa rumination, dans le cimeti\u00e8re de Leeds au bord de la tombe de ses parents \u00e9tait pour moi une m\u00e9taphore de notre monde.<\/span><\/p>\n<p><span style=\"font-family: helvetica, arial, sans-serif; font-size: 14pt; color: #000000;\">Il donne \u00e0 la po\u00e9sie son r\u00f4le politique. Il utilise le quatrain pour nous parler des relations entre les classes sociales, des enjeux du pouvoir, des biens\u00e9ances, du racisme ou des ind\u00e9cences de la langue;&nbsp; il d\u00e9nonce un monde en perdition mais il sait le faire avec humour et ironie.<\/span><\/p>\n<p><span style=\"font-family: helvetica, arial, sans-serif; font-size: 14pt; color: #000000;\">Ce qui rend aussi ce po\u00e8me atypique, c&rsquo;est sa mani\u00e8re dont il empoigne \u00ab\u00a0les langages\u00a0\u00bb: le langage po\u00e9tique soutenu, le langage populaire aussi bien que le langage de la rue, avec ses \u00ab\u00a0gros mots\u00a0\u00bb; et de faire tenir tout cela dans le plus distingu\u00e9 des alexandrins.<\/span><\/p>\n<p align=\"justify\"><span style=\"font-family: helvetica, arial, sans-serif; font-size: 14pt; color: #000000;\">D\u00e8s la premi\u00e8re lecture, j&rsquo;ai vu dans ce po\u00e8me, litt\u00e9raire, quelque chose d&rsquo;une \u00e9pop\u00e9e dramatique, qui pouvait se porter \u00e0 la sc\u00e8ne;&nbsp;Mais comment faire ACTION dramatique de ce qui se pr\u00e9sente d\u2019abord \u00e0 une sensibilit\u00e9 litt\u00e9raire&nbsp;?<\/span><\/p>\n<p><span style=\"font-family: helvetica, arial, sans-serif; font-size: 14pt; color: #000000;\">C&rsquo;est ce qui m&rsquo;a amen\u00e9 \u00e0 demander \u00e0 Nicole Charpail, com\u00e9dienne et metteuse en sc\u00e8ne de la compagnie Miss Griff de m&rsquo;aider dans cette aventure, celle de porter \u00e0 la sc\u00e8ne ce texte litt\u00e9raire.<\/span><\/p>\n<p align=\"justify\"><img loading=\"lazy\" class=\"alignright size-full wp-image-2605\" src=\"http:\/\/wordpress.missgriff.org\/wp-content\/uploads\/2022\/03\/photo-repet-X2.jpg\" alt=\"\" width=\"1093\" height=\"813\" srcset=\"http:\/\/wordpress.missgriff.org\/wp-content\/uploads\/2022\/03\/photo-repet-X2.jpg 1093w, http:\/\/wordpress.missgriff.org\/wp-content\/uploads\/2022\/03\/photo-repet-X2-768x571.jpg 768w, http:\/\/wordpress.missgriff.org\/wp-content\/uploads\/2022\/03\/photo-repet-X2-830x617.jpg 830w, http:\/\/wordpress.missgriff.org\/wp-content\/uploads\/2022\/03\/photo-repet-X2-230x171.jpg 230w, http:\/\/wordpress.missgriff.org\/wp-content\/uploads\/2022\/03\/photo-repet-X2-350x260.jpg 350w, http:\/\/wordpress.missgriff.org\/wp-content\/uploads\/2022\/03\/photo-repet-X2-480x357.jpg 480w\" sizes=\"(max-width: 1093px) 100vw, 1093px\" \/><\/p>\n<p align=\"justify\"><span style=\"font-family: helvetica, arial, sans-serif; font-size: 14pt; color: #000000;\">Nous avons voulu porter ce texte \u00e0 la sc\u00e8ne th\u00e9\u00e2trale, car la voie po\u00e9tique s\u2019y av\u00e8re plus capable que tous les raisonnements d\u2019approcher d\u2019aussi pr\u00e8s des questions br\u00fblantes pos\u00e9es \u00e0 notre \u00ab&nbsp;humanit\u00e9&nbsp;\u00bb. Mais on pense parfois aujourd\u2019hui qu\u2019on ne peut plus agir sur la vie sociale et politique, et c\u2019est impensable parce qu\u2019abandonner le combat signifie qu\u2019on oblige la jeunesse (entre autres) \u00e0 mettre en \u0153uvre&nbsp;des r\u00e9actions violentes de destruction, sans esp\u00e9rance ni objectifs.<\/span><\/p>\n<p align=\"justify\"><span style=\"font-family: helvetica, arial, sans-serif; font-size: 14pt; color: #000000;\">Nous pensons que cette \u00e9criture peut parler \u00e0 un public tr\u00e8s large. \u2013 Non pas seulement parce qu\u2019on y \u00ab&nbsp;cause&nbsp;\u00bb en rimes et alexandrins y compris pour jurer et vocif\u00e9rer \u2013 mais parce qu\u2019on met ici les pieds dans le drame contemporain de la \u00ab&nbsp;rupture&nbsp;\u00bb, et qu\u2019on questionne ce qui a pu conduire \u00e0 l\u2019impossible transmission (entre seulement deux g\u00e9n\u00e9rations) du minimum sur quoi tout \u00eatre humain pourrait \u00ab&nbsp;logiquement&nbsp;\u00bb s\u2019appuyer pour donner un sens \u00e0 sa vie.<\/span><\/p>\n<p align=\"justify\">&nbsp;<\/p>\n<h2><span style=\"font-family: helvetica, arial, sans-serif; font-size: 18pt; color: #000000;\"><img loading=\"lazy\" class=\"size-full wp-image-1963 alignnone\" src=\"http:\/\/wordpress.missgriff.org\/wp-content\/uploads\/2017\/12\/bandjaun.jpg\" alt=\"\" width=\"1045\" height=\"20\" srcset=\"http:\/\/wordpress.missgriff.org\/wp-content\/uploads\/2017\/12\/bandjaun.jpg 1045w, http:\/\/wordpress.missgriff.org\/wp-content\/uploads\/2017\/12\/bandjaun-768x15.jpg 768w, http:\/\/wordpress.missgriff.org\/wp-content\/uploads\/2017\/12\/bandjaun-830x16.jpg 830w, http:\/\/wordpress.missgriff.org\/wp-content\/uploads\/2017\/12\/bandjaun-230x4.jpg 230w, http:\/\/wordpress.missgriff.org\/wp-content\/uploads\/2017\/12\/bandjaun-350x7.jpg 350w, http:\/\/wordpress.missgriff.org\/wp-content\/uploads\/2017\/12\/bandjaun-480x9.jpg 480w\" sizes=\"(max-width: 1045px) 100vw, 1045px\" \/><span style=\"color: #993366;\">Notre \u00e9quipe<\/span><br \/>\n<img loading=\"lazy\" class=\"size-full wp-image-1963 alignnone\" src=\"http:\/\/wordpress.missgriff.org\/wp-content\/uploads\/2017\/12\/bandjaun.jpg\" alt=\"\" width=\"1045\" height=\"20\" srcset=\"http:\/\/wordpress.missgriff.org\/wp-content\/uploads\/2017\/12\/bandjaun.jpg 1045w, http:\/\/wordpress.missgriff.org\/wp-content\/uploads\/2017\/12\/bandjaun-768x15.jpg 768w, http:\/\/wordpress.missgriff.org\/wp-content\/uploads\/2017\/12\/bandjaun-830x16.jpg 830w, http:\/\/wordpress.missgriff.org\/wp-content\/uploads\/2017\/12\/bandjaun-230x4.jpg 230w, http:\/\/wordpress.missgriff.org\/wp-content\/uploads\/2017\/12\/bandjaun-350x7.jpg 350w, http:\/\/wordpress.missgriff.org\/wp-content\/uploads\/2017\/12\/bandjaun-480x9.jpg 480w\" sizes=\"(max-width: 1045px) 100vw, 1045px\" \/><br \/>\n<\/span><\/h2>\n<p><span style=\"font-family: helvetica, arial, sans-serif; font-size: 14pt; color: #000000;\">mise en sc\u00e8ne et direction d\u2019acteur <strong>Nicole charpail<\/strong><\/span><br \/>\n<span style=\"font-family: helvetica, arial, sans-serif; font-size: 14pt; color: #000000;\">com\u00e9dien <strong>Jonathan Renier<\/strong><\/span><br \/>\n<span style=\"font-family: helvetica, arial, sans-serif; font-size: 14pt; color: #000000;\">cr\u00e9ation lumi\u00e8re <strong>Pierre Court<\/strong><\/span><br \/>\n<span style=\"font-family: helvetica, arial, sans-serif; font-size: 14pt; color: #000000;\">photos <strong>Etienne Rabaut &#8211; Denis Rion<\/strong><\/span><br \/>\n<span style=\"font-family: helvetica, arial, sans-serif; font-size: 14pt; color: #000000;\">graphisme <strong>Boris Thomas<\/strong><\/span><\/p>\n<p><strong><img loading=\"lazy\" class=\"size-full wp-image-1963 alignnone\" src=\"http:\/\/wordpress.missgriff.org\/wp-content\/uploads\/2017\/12\/bandjaun.jpg\" alt=\"\" width=\"1045\" height=\"20\" srcset=\"http:\/\/wordpress.missgriff.org\/wp-content\/uploads\/2017\/12\/bandjaun.jpg 1045w, http:\/\/wordpress.missgriff.org\/wp-content\/uploads\/2017\/12\/bandjaun-768x15.jpg 768w, http:\/\/wordpress.missgriff.org\/wp-content\/uploads\/2017\/12\/bandjaun-830x16.jpg 830w, http:\/\/wordpress.missgriff.org\/wp-content\/uploads\/2017\/12\/bandjaun-230x4.jpg 230w, http:\/\/wordpress.missgriff.org\/wp-content\/uploads\/2017\/12\/bandjaun-350x7.jpg 350w, http:\/\/wordpress.missgriff.org\/wp-content\/uploads\/2017\/12\/bandjaun-480x9.jpg 480w\" sizes=\"(max-width: 1045px) 100vw, 1045px\" \/><\/strong><\/p>\n<p><strong><img loading=\"lazy\" class=\"size-full wp-image-1967 alignnone\" src=\"http:\/\/wordpress.missgriff.org\/wp-content\/uploads\/2017\/12\/bandnoir.jpg\" alt=\"\" width=\"1045\" height=\"10\" srcset=\"http:\/\/wordpress.missgriff.org\/wp-content\/uploads\/2017\/12\/bandnoir.jpg 1045w, http:\/\/wordpress.missgriff.org\/wp-content\/uploads\/2017\/12\/bandnoir-768x7.jpg 768w, http:\/\/wordpress.missgriff.org\/wp-content\/uploads\/2017\/12\/bandnoir-830x8.jpg 830w, http:\/\/wordpress.missgriff.org\/wp-content\/uploads\/2017\/12\/bandnoir-230x2.jpg 230w, http:\/\/wordpress.missgriff.org\/wp-content\/uploads\/2017\/12\/bandnoir-350x3.jpg 350w, http:\/\/wordpress.missgriff.org\/wp-content\/uploads\/2017\/12\/bandnoir-480x5.jpg 480w\" sizes=\"(max-width: 1045px) 100vw, 1045px\" \/><\/strong><\/p>\n<p><span style=\"font-size: 14pt;\"><strong>&gt;&gt;&gt;<\/strong> <a href=\"http:\/\/wordpress.missgriff.org\/wp-content\/uploads\/2022\/03\/dossier-A5_V.pdf\" target=\"_blank\" rel=\"noopener\"><span style=\"color: #ff00ff;\"><span style=\"font-family: helvetica, arial, sans-serif;\">dossier du spectacle V.<\/span><\/span><\/a><\/span>&nbsp;<br \/>\n<img loading=\"lazy\" class=\"size-full wp-image-1967 alignnone\" src=\"http:\/\/wordpress.missgriff.org\/wp-content\/uploads\/2017\/12\/bandnoir.jpg\" alt=\"\" width=\"1045\" height=\"10\" srcset=\"http:\/\/wordpress.missgriff.org\/wp-content\/uploads\/2017\/12\/bandnoir.jpg 1045w, http:\/\/wordpress.missgriff.org\/wp-content\/uploads\/2017\/12\/bandnoir-768x7.jpg 768w, http:\/\/wordpress.missgriff.org\/wp-content\/uploads\/2017\/12\/bandnoir-830x8.jpg 830w, http:\/\/wordpress.missgriff.org\/wp-content\/uploads\/2017\/12\/bandnoir-230x2.jpg 230w, http:\/\/wordpress.missgriff.org\/wp-content\/uploads\/2017\/12\/bandnoir-350x3.jpg 350w, http:\/\/wordpress.missgriff.org\/wp-content\/uploads\/2017\/12\/bandnoir-480x5.jpg 480w\" sizes=\"(max-width: 1045px) 100vw, 1045px\" \/><\/p>\n<p><strong><span style=\"color: #993380; font-size: 14pt; font-family: helvetica, arial, sans-serif;\"><span style=\"color: #800080;\">prochaines dates du spectacle:<\/span><\/span><\/strong><\/p>\n<p><span style=\"font-family: helvetica, arial, sans-serif; font-size: 14pt;\">r\u00e9sidence du 11 au 17 mai 2026 au Bouy d&rsquo;en haut (Champeti\u00e8res &#8211; Puy-de-D\u00f4me)<\/span><\/p>\n<div>\n<p><strong style=\"color: #993366; font-family: helvetica, arial, sans-serif; font-size: 14pt;\"><span style=\"color: #800080;\">dates pass\u00e9es:<\/span><\/strong><\/p>\n<p><span style=\"font-family: helvetica, arial, sans-serif; font-size: 14pt;\">vendredi 6 juin 2025 : performance th\u00e9\u00e2tre au Bouy d&rsquo;en haut (Champeti\u00e8res &#8211; Puy-de-D\u00f4me)<\/span><\/p>\n<p><span style=\"font-family: helvetica, arial, sans-serif; font-size: 14pt;\">mercredi 27 et jeudi 28 juin 2023 aux Ateliers de Bitche &#8211; Nantes<\/span><\/p>\n<p><span style=\"font-family: helvetica, arial, sans-serif; font-size: 14pt;\">samedi 1er avril \u00e0 19h30 et dimanche 2 avril 2023 \u00e0 17h00 au Th\u00e9\u00e2tre&nbsp; La Noue<\/span><br \/>\n<span style=\"font-family: helvetica, arial, sans-serif; font-size: 14pt;\">12 place Berthie Albrecht \u00e0 Montreuil<\/span><\/p>\n<div><span style=\"font-family: helvetica, arial, sans-serif; font-size: 14pt;\">les 7 et 8 avril 2023 \u00e0 20h30<\/span><br \/>\n<span style=\"font-family: helvetica, arial, sans-serif; font-size: 14pt;\">au th\u00e9\u00e2tre du papillon noir \u2013 33, rue de Trouville \u00e0 Caen<\/span>&nbsp;&nbsp;<\/p>\n<p><span style=\"font-family: helvetica, arial, sans-serif; font-size: 14pt;\">les 28 et 29 juin 2023 \u00e0 20h30 aux Ateliers de Bitche &#8211; 3, rue de Bitche \u00e0 Nantes <\/span><span style=\"font-size: revert; color: initial; font-family: -apple-system, BlinkMacSystemFont, 'Segoe UI', Roboto, Oxygen-Sans, Ubuntu, Cantarell, 'Helvetica Neue', sans-serif;\">&nbsp;&nbsp;<\/span>&nbsp;&nbsp;&nbsp;<\/p>\n<\/div>\n<p><span style=\"font-size: 14pt; font-family: helvetica, arial, sans-serif;\"><span style=\"color: #993366;\"><span style=\"color: #000000;\">les 22 et 23 avril 2022 \u00e0 20H30, \u00e0 La petite gaillarde &#8211; 9, rue Abb\u00e9 Banier&nbsp; \u00e0 Clermont-Ferrand<br \/>\n<\/span><strong><br \/>\n<\/strong><\/span><\/span><span style=\"font-size: 14pt; font-family: helvetica, arial, sans-serif;\">du 17 au 19 mars 2022 \u00e0 20H30, au th\u00e9\u00e2tre La Ruche &#8211; 8, rue F\u00e9libien \u00e0 Nantes<\/span><br \/>\n<span style=\"font-size: 14pt; font-family: helvetica, arial, sans-serif;\">&nbsp;&nbsp;&nbsp;&nbsp; <\/span>&nbsp;&nbsp;&nbsp;&nbsp;&nbsp;&nbsp;&nbsp;&nbsp;&nbsp;&nbsp;&nbsp;&nbsp;&nbsp;&nbsp;&nbsp;&nbsp;&nbsp;&nbsp;&nbsp;&nbsp;&nbsp;&nbsp;&nbsp;&nbsp;&nbsp;&nbsp;&nbsp;<\/p>\n<\/div>\n<p align=\"justify\">&nbsp;<\/p>\n<p align=\"justify\">&nbsp;<\/p>\n","protected":false},"excerpt":{"rendered":"<p>V. ProposV. est un long po\u00e8me \u00e9pique et dramatique, datant de 1985, \u00e9crit en alexandrin par Tony Harrison, po\u00e8te anglais. Un po\u00e8te vient se recueillir sur la tombe familiale et d\u00e9couvre que tout le cimeti\u00e8re a \u00e9t\u00e9 tagu\u00e9 par des skins&nbsp;: Des hooligans, avec leurs habituelles croix gamm\u00e9es, noms des clubs de foot, injures contre [&hellip;]<\/p>\n","protected":false},"author":1,"featured_media":0,"parent":0,"menu_order":0,"comment_status":"closed","ping_status":"closed","template":"","meta":{"ngg_post_thumbnail":0},"_links":{"self":[{"href":"http:\/\/wordpress.missgriff.org\/index.php?rest_route=\/wp\/v2\/pages\/2582"}],"collection":[{"href":"http:\/\/wordpress.missgriff.org\/index.php?rest_route=\/wp\/v2\/pages"}],"about":[{"href":"http:\/\/wordpress.missgriff.org\/index.php?rest_route=\/wp\/v2\/types\/page"}],"author":[{"embeddable":true,"href":"http:\/\/wordpress.missgriff.org\/index.php?rest_route=\/wp\/v2\/users\/1"}],"replies":[{"embeddable":true,"href":"http:\/\/wordpress.missgriff.org\/index.php?rest_route=%2Fwp%2Fv2%2Fcomments&post=2582"}],"version-history":[{"count":59,"href":"http:\/\/wordpress.missgriff.org\/index.php?rest_route=\/wp\/v2\/pages\/2582\/revisions"}],"predecessor-version":[{"id":2793,"href":"http:\/\/wordpress.missgriff.org\/index.php?rest_route=\/wp\/v2\/pages\/2582\/revisions\/2793"}],"wp:attachment":[{"href":"http:\/\/wordpress.missgriff.org\/index.php?rest_route=%2Fwp%2Fv2%2Fmedia&parent=2582"}],"curies":[{"name":"wp","href":"https:\/\/api.w.org\/{rel}","templated":true}]}}