{"id":234,"date":"2017-04-05T18:28:48","date_gmt":"2017-04-05T16:28:48","guid":{"rendered":"http:\/\/wordpress.missgriff.org\/?page_id=234"},"modified":"2022-04-29T12:22:01","modified_gmt":"2022-04-29T10:22:01","slug":"hors-les-murs","status":"publish","type":"page","link":"http:\/\/wordpress.missgriff.org\/?page_id=234","title":{"rendered":"Sant\u00e9 mentale et handicap"},"content":{"rendered":"<p><span style=\"font-family: helvetica,arial,sans-serif;\"><img loading=\"lazy\" class=\"size-full wp-image-2052 alignnone\" src=\"http:\/\/wordpress.missgriff.org\/wp-content\/uploads\/2018\/01\/sante-mentale.jpg\" alt=\"\" width=\"335\" height=\"177\" srcset=\"http:\/\/wordpress.missgriff.org\/wp-content\/uploads\/2018\/01\/sante-mentale.jpg 335w, http:\/\/wordpress.missgriff.org\/wp-content\/uploads\/2018\/01\/sante-mentale-230x122.jpg 230w\" sizes=\"(max-width: 335px) 100vw, 335px\" \/><\/span><\/p>\n<p><img loading=\"lazy\" class=\"size-full wp-image-1963 alignnone\" src=\"http:\/\/wordpress.missgriff.org\/wp-content\/uploads\/2017\/12\/bandjaun.jpg\" alt=\"\" width=\"1045\" height=\"20\" srcset=\"http:\/\/wordpress.missgriff.org\/wp-content\/uploads\/2017\/12\/bandjaun.jpg 1045w, http:\/\/wordpress.missgriff.org\/wp-content\/uploads\/2017\/12\/bandjaun-768x15.jpg 768w, http:\/\/wordpress.missgriff.org\/wp-content\/uploads\/2017\/12\/bandjaun-830x16.jpg 830w, http:\/\/wordpress.missgriff.org\/wp-content\/uploads\/2017\/12\/bandjaun-230x4.jpg 230w, http:\/\/wordpress.missgriff.org\/wp-content\/uploads\/2017\/12\/bandjaun-350x7.jpg 350w, http:\/\/wordpress.missgriff.org\/wp-content\/uploads\/2017\/12\/bandjaun-480x9.jpg 480w\" sizes=\"(max-width: 1045px) 100vw, 1045px\" \/><span style=\"font-size: 14pt; color: #800080; font-family: helvetica,arial,sans-serif;\"><strong>INTERVENTIONS SUR LE TERRAIN SANT\u00c9 MENTALE<\/strong><\/span><span style=\"font-family: helvetica,arial,sans-serif;\"><img loading=\"lazy\" class=\"size-full wp-image-1967 alignnone\" src=\"http:\/\/wordpress.missgriff.org\/wp-content\/uploads\/2017\/12\/bandnoir.jpg\" alt=\"\" width=\"1045\" height=\"10\" srcset=\"http:\/\/wordpress.missgriff.org\/wp-content\/uploads\/2017\/12\/bandnoir.jpg 1045w, http:\/\/wordpress.missgriff.org\/wp-content\/uploads\/2017\/12\/bandnoir-768x7.jpg 768w, http:\/\/wordpress.missgriff.org\/wp-content\/uploads\/2017\/12\/bandnoir-830x8.jpg 830w, http:\/\/wordpress.missgriff.org\/wp-content\/uploads\/2017\/12\/bandnoir-230x2.jpg 230w, http:\/\/wordpress.missgriff.org\/wp-content\/uploads\/2017\/12\/bandnoir-350x3.jpg 350w, http:\/\/wordpress.missgriff.org\/wp-content\/uploads\/2017\/12\/bandnoir-480x5.jpg 480w\" sizes=\"(max-width: 1045px) 100vw, 1045px\" \/><\/span><\/p>\n<p><span style=\"font-size: 12pt;\"><strong><span style=\"color: #800080;\"><span style=\"font-family: helvetica, arial, sans-serif;\">En partenariat avec le Th\u00e9\u00e2tre du Cristal&nbsp;: CREATION D\u2019UN TH\u00c9\u00c2TRE FORUM<br \/>\n<\/span><span style=\"font-family: helvetica, arial, sans-serif;\">\u00ab&nbsp;HANDICAP ET INCLUSION&nbsp;\u00bb<\/span><\/span><\/strong><\/span><\/p>\n<p><span style=\"font-family: helvetica, arial, sans-serif; font-size: 12pt;\">Initi\u00e9 par la Ville de Sarcelles (Mission accessibilit\u00e9 \/ Direction de l\u2019Enfance) et coordonn\u00e9 par le P\u00f4le art et handicap du Th\u00e9\u00e2tre du Cristal, la cr\u00e9ation d\u2019un Th\u00e9\u00e2tre Forum \u00ab Handicap et inclusion \u00bb est r\u00e9alis\u00e9e par Miss Griff avec les com\u00e9diens du Th\u00e9\u00e2tre du Cristal entre octobre 2021 et juin 2022 pour s\u2019interroger collectivement sur cette question.<\/span><br \/>\n<span style=\"font-size: 12pt;\"><strong><span style=\"font-family: helvetica, arial, sans-serif; color: #800080;\">L\u2019accueil des enfants en situation de handicap dans les centres de loisirs : Peut-on faire mieux ?<\/span><\/strong><\/span><br \/>\n<span style=\"font-family: helvetica, arial, sans-serif; font-size: 12pt;\">Le travail d\u2019enqu\u00eate aupr\u00e8s d\u2019enfants, de parents, d\u2019animateurs, directeurs de Centre de Loisirs, acteurs municipaux de la Ville de Sarcelles permet la cr\u00e9ation de situations th\u00e9\u00e2trales au plus proche des difficult\u00e9s dont t\u00e9moignent les personnes rencontr\u00e9es.<\/span><br \/>\n<span style=\"font-family: helvetica, arial, sans-serif; font-size: 12pt;\">Le projet consiste parall\u00e8lement en une formation au Th\u00e9\u00e2tre de l\u2019Opprim\u00e9 pour les com\u00e9diens du Th\u00e9\u00e2tre du Cristal (com\u00e9diens professionnels en situation de handicap).<\/span><br \/>\n<span style=\"font-family: helvetica, arial, sans-serif; font-size: 12pt;\">Ce Th\u00e9\u00e2tre Forum, cr\u00e9\u00e9 et jou\u00e9 par les com\u00e9diens du Th\u00e9\u00e2tre du Cristal, accompagn\u00e9s par Nicole Charpail, donne lieu \u00e0 4 repr\u00e9sentations\/d\u00e9bats public&nbsp;:<\/span><\/p>\n<p><span style=\"font-family: helvetica, arial, sans-serif; font-size: 12pt;\">Mercredi 18 Mai 2022<\/span><br \/>\n<span style=\"font-family: helvetica, arial, sans-serif; font-size: 12pt;\">10H30 : Salle Berrier \/Sarcelles<\/span><br \/>\n<span style=\"font-family: helvetica, arial, sans-serif; font-size: 12pt;\">14H&nbsp;: Salle Berrier \/Sarcelles<\/span><\/p>\n<p><span style=\"font-family: helvetica, arial, sans-serif; font-size: 12pt;\">Mercredi 25 Mai 2022<\/span><br \/>\n<span style=\"font-family: helvetica, arial, sans-serif; font-size: 12pt;\">14H : Ecole Anatole France\/ Sarcelles<\/span><br \/>\n<span style=\"font-family: helvetica, arial, sans-serif; font-size: 12pt;\">20H&nbsp;: Salle Berrier \/ Sarcelles<\/span><\/p>\n<p><span style=\"font-family: helvetica, arial, sans-serif; font-size: 12pt;\">R\u00e9servation (indispensable) aupr\u00e8s de Miss Griff&nbsp;: 01 46 64 81 50 \u2013 missgriffassociation@hotmail.com<\/span><\/p>\n<p><span style=\"font-size: 14pt;\"><span style=\"font-size: 12pt; font-family: helvetica,arial,sans-serif;\"><img loading=\"lazy\" class=\"size-full wp-image-1967 alignnone\" src=\"http:\/\/wordpress.missgriff.org\/wp-content\/uploads\/2017\/12\/bandnoir.jpg\" alt=\"\" width=\"1045\" height=\"10\" srcset=\"http:\/\/wordpress.missgriff.org\/wp-content\/uploads\/2017\/12\/bandnoir.jpg 1045w, http:\/\/wordpress.missgriff.org\/wp-content\/uploads\/2017\/12\/bandnoir-768x7.jpg 768w, http:\/\/wordpress.missgriff.org\/wp-content\/uploads\/2017\/12\/bandnoir-830x8.jpg 830w, http:\/\/wordpress.missgriff.org\/wp-content\/uploads\/2017\/12\/bandnoir-230x2.jpg 230w, http:\/\/wordpress.missgriff.org\/wp-content\/uploads\/2017\/12\/bandnoir-350x3.jpg 350w, http:\/\/wordpress.missgriff.org\/wp-content\/uploads\/2017\/12\/bandnoir-480x5.jpg 480w\" sizes=\"(max-width: 1045px) 100vw, 1045px\" \/><\/span><\/span><\/p>\n<p><span style=\"color: #000000; font-family: helvetica,arial,sans-serif; font-size: 12pt;\">Interventions (Atelier th\u00e9\u00e2tral) avec les patients (1983 \u00e0 1991)<\/span><br \/>\n<span style=\"color: #000000; font-family: helvetica,arial,sans-serif; font-size: 12pt;\"> H\u00f4pital de jour du 17\u00e8me arrondissement de Paris<\/span><br \/>\n<span style=\"color: #000000; font-family: helvetica,arial,sans-serif; font-size: 12pt;\"> H\u00f4pital de jour de la S.P.A.S.M du 8\u00e8me arrondissement de Paris<\/span><\/p>\n<p style=\"text-align: left;\"><span style=\"color: #000000; font-family: helvetica,arial,sans-serif; font-size: 12pt;\">Interventions \/ formation (th\u00e9\u00e2trale) aupr\u00e8s de soignants et travailleurs sociaux (depuis 1985)&nbsp;<\/span><br \/>\n<span style=\"color: #000000; font-family: helvetica,arial,sans-serif; font-size: 12pt;\"> Association de Recherche et d\u2019Application de Lieux d\u2019Accueil \u00e0 Levallois Perret<\/span><br \/>\n<span style=\"color: #000000; font-family: helvetica,arial,sans-serif; font-size: 12pt;\"> Censier Paris VII-Sciences humaines<\/span><br \/>\n<span style=\"color: #000000; font-family: helvetica,arial,sans-serif; font-size: 12pt;\"> Centre National de Recherche M\u00e9thodologique en Psychoth\u00e9rapie<\/span><br \/>\n<span style=\"color: #000000; font-family: helvetica,arial,sans-serif; font-size: 12pt;\"> Association Pratiques Corporelles et Formation de la Personne<\/span><\/p>\n<p style=\"text-align: left;\"><span style=\"color: #000000; font-family: helvetica,arial,sans-serif; font-size: 12pt;\"> Charg\u00e9e d\u2019enseignement jusqu\u2019\u00e0 ce jour \u00e0 l\u2019INECAT <\/span><br \/>\n<span style=\"color: #000000; font-family: helvetica,arial,sans-serif; font-size: 12pt;\"> (Institut National d\u2019Expression, de Cr\u00e9ation, d\u2019Art et de Transformation de la personne)<\/span><\/p>\n<p><span style=\"font-size: 10pt;\"><span style=\"font-family: arial black,sans-serif; font-size: 14pt;\">&gt;&gt;&gt;<\/span> <a href=\"http:\/\/missgriff.org\/wp-content\/uploads\/2017\/10\/travail-acteur-milieu-psy-pap.pdf\" target=\"_blank\" rel=\"noopener\"><span style=\"font-family: helvetica,arial,sans-serif; color: #ff00ff;\">VOIR \u00ab\u00a0TRAVAIL TH\u00c9\u00c2TRAL EN MILIEU PSYCHIATRIQUE\u00a0\u00bb<\/span><\/a>&nbsp;<em><span style=\"font-family: helvetica,arial,sans-serif; color: #000000;\">&#8211; <span style=\"font-size: 8pt;\">Revue Pratiques Corporelles n\u00b096 &#8211; septembre 1992<\/span><\/span><\/em><\/span><\/p>\n<p style=\"text-align: left;\"><img loading=\"lazy\" class=\"size-full wp-image-1963 alignnone\" src=\"http:\/\/wordpress.missgriff.org\/wp-content\/uploads\/2017\/12\/bandjaun.jpg\" alt=\"\" width=\"1045\" height=\"20\" srcset=\"http:\/\/wordpress.missgriff.org\/wp-content\/uploads\/2017\/12\/bandjaun.jpg 1045w, http:\/\/wordpress.missgriff.org\/wp-content\/uploads\/2017\/12\/bandjaun-768x15.jpg 768w, http:\/\/wordpress.missgriff.org\/wp-content\/uploads\/2017\/12\/bandjaun-830x16.jpg 830w, http:\/\/wordpress.missgriff.org\/wp-content\/uploads\/2017\/12\/bandjaun-230x4.jpg 230w, http:\/\/wordpress.missgriff.org\/wp-content\/uploads\/2017\/12\/bandjaun-350x7.jpg 350w, http:\/\/wordpress.missgriff.org\/wp-content\/uploads\/2017\/12\/bandjaun-480x9.jpg 480w\" sizes=\"(max-width: 1045px) 100vw, 1045px\" \/><span style=\"font-size: 14pt;\"><strong style=\"color: #800080; font-family: helvetica,arial,sans-serif;\">INTERVENTIONS AUPR\u00c8S DE PERSONNES HANDICAP\u00c9ES<\/strong><\/span><span style=\"font-size: 14pt;\"><span style=\"font-size: 12pt; font-family: helvetica,arial,sans-serif;\"><img loading=\"lazy\" class=\"size-full wp-image-1967 alignnone\" src=\"http:\/\/wordpress.missgriff.org\/wp-content\/uploads\/2017\/12\/bandnoir.jpg\" alt=\"\" width=\"1045\" height=\"10\" srcset=\"http:\/\/wordpress.missgriff.org\/wp-content\/uploads\/2017\/12\/bandnoir.jpg 1045w, http:\/\/wordpress.missgriff.org\/wp-content\/uploads\/2017\/12\/bandnoir-768x7.jpg 768w, http:\/\/wordpress.missgriff.org\/wp-content\/uploads\/2017\/12\/bandnoir-830x8.jpg 830w, http:\/\/wordpress.missgriff.org\/wp-content\/uploads\/2017\/12\/bandnoir-230x2.jpg 230w, http:\/\/wordpress.missgriff.org\/wp-content\/uploads\/2017\/12\/bandnoir-350x3.jpg 350w, http:\/\/wordpress.missgriff.org\/wp-content\/uploads\/2017\/12\/bandnoir-480x5.jpg 480w\" sizes=\"(max-width: 1045px) 100vw, 1045px\" \/><\/span><\/span><span style=\"color: #000000; font-family: helvetica,arial,sans-serif; font-size: 12pt;\"><span style=\"color: #800080;\">2000 \/ 2001<\/span> : ateliers de th\u00e9\u00e2tre forum, en collaboration avec \u00ab En VIE\/Th\u00e9\u00e2tre de l\u2019Opprim\u00e9 \u00bb avec des personnes handicap\u00e9es mentales travaillant aux ateliers du Th\u00e9rain (CAT de Beauvais).<\/span><\/p>\n<p style=\"text-align: justify;\"><span style=\"color: #000000; font-family: helvetica,arial,sans-serif; font-size: 12pt;\"><span style=\"color: #800080;\">1999 \/ 2001<\/span> : atelier r\u00e9gulier Personne-Acteur-Personnage avec des personnes handicap\u00e9es mentales du foyer Le Colombier (95) (en partenariat avec le Th\u00e9\u00e2tre du Cristal). R\u00e9alisation d\u2019un film\/vid\u00e9o d\u20191h30 \u00ab C\u2019est comme \u00e7a la vie \u00bb (Festival de Lorquin 2002).<\/span><\/p>\n<p style=\"text-align: justify;\"><span style=\"color: #000000; font-family: helvetica,arial,sans-serif; font-size: 12pt;\"><span style=\"color: #800080;\">2011\/2012<\/span> : atelier hebdomadaire croisant les m\u00e9thodologies \u00ab Personne-Acteur-Personnage et \u00ab Th\u00e9\u00e2tre Forum \u00bb avec les jeunes adultes du Dispositif PASSERELLES de L\u2019I.M.PRO Les Sources \u00e0 Ermont (95). Ce travail d\u00e9bouche sur une repr\u00e9sentation publique et un document audiovisuel r\u00e9alis\u00e9 avec les participants.<\/span><\/p>\n<p><img loading=\"lazy\" class=\"size-full wp-image-1963 alignnone\" src=\"http:\/\/wordpress.missgriff.org\/wp-content\/uploads\/2017\/12\/bandjaun.jpg\" alt=\"\" width=\"1045\" height=\"20\" srcset=\"http:\/\/wordpress.missgriff.org\/wp-content\/uploads\/2017\/12\/bandjaun.jpg 1045w, http:\/\/wordpress.missgriff.org\/wp-content\/uploads\/2017\/12\/bandjaun-768x15.jpg 768w, http:\/\/wordpress.missgriff.org\/wp-content\/uploads\/2017\/12\/bandjaun-830x16.jpg 830w, http:\/\/wordpress.missgriff.org\/wp-content\/uploads\/2017\/12\/bandjaun-230x4.jpg 230w, http:\/\/wordpress.missgriff.org\/wp-content\/uploads\/2017\/12\/bandjaun-350x7.jpg 350w, http:\/\/wordpress.missgriff.org\/wp-content\/uploads\/2017\/12\/bandjaun-480x9.jpg 480w\" sizes=\"(max-width: 1045px) 100vw, 1045px\" \/><span style=\"font-size: 14pt;\"><strong><span style=\"color: #800080; font-family: helvetica,arial,sans-serif;\">INTERVENTIONS AUPR\u00c8S DE PUBLICS CROIS\u00c9S<\/span><\/strong><\/span><br \/>\n<span style=\"color: #000000; font-family: helvetica,arial,sans-serif; font-size: 12pt;\"><em>Personnes de toutes conditions sociales, culturelles et de sant\u00e9, de tous \u00e2ges, amateurs et professionnels<\/em><\/span><span style=\"color: #000000; font-family: helvetica,arial,sans-serif; font-size: 12pt;\"><img loading=\"lazy\" class=\"size-full wp-image-1967 alignnone\" src=\"http:\/\/wordpress.missgriff.org\/wp-content\/uploads\/2017\/12\/bandnoir.jpg\" alt=\"\" width=\"1045\" height=\"10\" srcset=\"http:\/\/wordpress.missgriff.org\/wp-content\/uploads\/2017\/12\/bandnoir.jpg 1045w, http:\/\/wordpress.missgriff.org\/wp-content\/uploads\/2017\/12\/bandnoir-768x7.jpg 768w, http:\/\/wordpress.missgriff.org\/wp-content\/uploads\/2017\/12\/bandnoir-830x8.jpg 830w, http:\/\/wordpress.missgriff.org\/wp-content\/uploads\/2017\/12\/bandnoir-230x2.jpg 230w, http:\/\/wordpress.missgriff.org\/wp-content\/uploads\/2017\/12\/bandnoir-350x3.jpg 350w, http:\/\/wordpress.missgriff.org\/wp-content\/uploads\/2017\/12\/bandnoir-480x5.jpg 480w\" sizes=\"(max-width: 1045px) 100vw, 1045px\" \/><br \/>\n<\/span><span style=\"color: #000000; font-family: helvetica,arial,sans-serif; font-size: 12pt;\"><span style=\"color: #800080;\">Depuis 2000<\/span> :<br \/>\nAtelier \u00e0 l\u2019ann\u00e9e et r\u00e9gulier Personne-Acteur-Personnage organis\u00e9 par Miss Griff-Association \u00e0 Paris<br \/>\n<span style=\"color: #800080;\">2004<\/span> : Atelier Personne-Acteur-Personnage au Th\u00e9\u00e2tre L\u2019ECHANGEUR \u00e0 Bagnolet.<br \/>\n<span style=\"color: #800080;\">De 2005 \u00e0 2016 \u00e0 Montreuil<\/span> : L\u2019atelier th\u00e9\u00e2tral P-A-P se compl\u00e8te d\u2019un atelier de Th\u00e9\u00e2tre Forum, d\u2019un atelier de cr\u00e9ation vid\u00e9ographique et d\u2019un dispositif d\u2019accompagnement en direction de personnes en grande pr\u00e9carit\u00e9 et situation de r\u00e9insertion sociale orient\u00e9es par 15 partenaires associatifs du 93 et d\u2019I-D-F (dont CHRS Montreuil). Une action soutenue par le Fonds Social Europ\u00e9en, le Conseil G\u00e9n\u00e9ral 93 et le CUCS de Montreuil. Il se d\u00e9veloppe jusqu\u2019en 2016 et d\u00e9bouche sur les cr\u00e9ations th\u00e9\u00e2trales et audiovisuelles interactives appel\u00e9es \u00ab TRAVAUX PUBLICS \u00bb.<br \/>\n<\/span><\/p>\n<p><img loading=\"lazy\" class=\"wp-image-2174 size-full alignnone\" src=\"http:\/\/wordpress.missgriff.org\/wp-content\/uploads\/2018\/01\/triangle-jaune.jpg\" alt=\"\" width=\"1045\" height=\"432\" srcset=\"http:\/\/wordpress.missgriff.org\/wp-content\/uploads\/2018\/01\/triangle-jaune.jpg 1045w, http:\/\/wordpress.missgriff.org\/wp-content\/uploads\/2018\/01\/triangle-jaune-768x317.jpg 768w, http:\/\/wordpress.missgriff.org\/wp-content\/uploads\/2018\/01\/triangle-jaune-830x343.jpg 830w, http:\/\/wordpress.missgriff.org\/wp-content\/uploads\/2018\/01\/triangle-jaune-230x95.jpg 230w, http:\/\/wordpress.missgriff.org\/wp-content\/uploads\/2018\/01\/triangle-jaune-350x145.jpg 350w, http:\/\/wordpress.missgriff.org\/wp-content\/uploads\/2018\/01\/triangle-jaune-480x198.jpg 480w\" sizes=\"(max-width: 1045px) 100vw, 1045px\" \/><\/p>\n","protected":false},"excerpt":{"rendered":"<p>INTERVENTIONS SUR LE TERRAIN SANT\u00c9 MENTALE En partenariat avec le Th\u00e9\u00e2tre du Cristal&nbsp;: CREATION D\u2019UN TH\u00c9\u00c2TRE FORUM \u00ab&nbsp;HANDICAP ET INCLUSION&nbsp;\u00bb Initi\u00e9 par la Ville de Sarcelles (Mission accessibilit\u00e9 \/ Direction de l\u2019Enfance) et coordonn\u00e9 par le P\u00f4le art et handicap du Th\u00e9\u00e2tre du Cristal, la cr\u00e9ation d\u2019un Th\u00e9\u00e2tre Forum \u00ab Handicap et inclusion \u00bb est [&hellip;]<\/p>\n","protected":false},"author":1,"featured_media":0,"parent":0,"menu_order":0,"comment_status":"closed","ping_status":"closed","template":"","meta":{"ngg_post_thumbnail":0},"_links":{"self":[{"href":"http:\/\/wordpress.missgriff.org\/index.php?rest_route=\/wp\/v2\/pages\/234"}],"collection":[{"href":"http:\/\/wordpress.missgriff.org\/index.php?rest_route=\/wp\/v2\/pages"}],"about":[{"href":"http:\/\/wordpress.missgriff.org\/index.php?rest_route=\/wp\/v2\/types\/page"}],"author":[{"embeddable":true,"href":"http:\/\/wordpress.missgriff.org\/index.php?rest_route=\/wp\/v2\/users\/1"}],"replies":[{"embeddable":true,"href":"http:\/\/wordpress.missgriff.org\/index.php?rest_route=%2Fwp%2Fv2%2Fcomments&post=234"}],"version-history":[{"count":39,"href":"http:\/\/wordpress.missgriff.org\/index.php?rest_route=\/wp\/v2\/pages\/234\/revisions"}],"predecessor-version":[{"id":2671,"href":"http:\/\/wordpress.missgriff.org\/index.php?rest_route=\/wp\/v2\/pages\/234\/revisions\/2671"}],"wp:attachment":[{"href":"http:\/\/wordpress.missgriff.org\/index.php?rest_route=%2Fwp%2Fv2%2Fmedia&parent=234"}],"curies":[{"name":"wp","href":"https:\/\/api.w.org\/{rel}","templated":true}]}}