{"id":102,"date":"2017-04-03T12:55:34","date_gmt":"2017-04-03T10:55:34","guid":{"rendered":"http:\/\/wordpress.missgriff.org\/?page_id=102"},"modified":"2019-09-17T12:24:58","modified_gmt":"2019-09-17T10:24:58","slug":"forum","status":"publish","type":"page","link":"http:\/\/wordpress.missgriff.org\/?page_id=102","title":{"rendered":"Atelier Th\u00e9\u00e2tre Forum"},"content":{"rendered":"<p><span style=\"font-family: helvetica,arial,sans-serif;\"><img loading=\"lazy\" class=\"size-full wp-image-2053 alignnone\" src=\"http:\/\/wordpress.missgriff.org\/wp-content\/uploads\/2018\/01\/theatre-forum.jpg\" alt=\"\" width=\"245\" height=\"120\" srcset=\"http:\/\/wordpress.missgriff.org\/wp-content\/uploads\/2018\/01\/theatre-forum.jpg 245w, http:\/\/wordpress.missgriff.org\/wp-content\/uploads\/2018\/01\/theatre-forum-230x113.jpg 230w\" sizes=\"(max-width: 245px) 100vw, 245px\" \/><\/span><\/p>\n<p><img loading=\"lazy\" class=\"size-full wp-image-1963 alignnone\" style=\"font-family: helvetica, arial, sans-serif;\" src=\"http:\/\/wordpress.missgriff.org\/wp-content\/uploads\/2017\/12\/bandjaun.jpg\" alt=\"\" width=\"1045\" height=\"20\" srcset=\"http:\/\/wordpress.missgriff.org\/wp-content\/uploads\/2017\/12\/bandjaun.jpg 1045w, http:\/\/wordpress.missgriff.org\/wp-content\/uploads\/2017\/12\/bandjaun-768x15.jpg 768w, http:\/\/wordpress.missgriff.org\/wp-content\/uploads\/2017\/12\/bandjaun-830x16.jpg 830w, http:\/\/wordpress.missgriff.org\/wp-content\/uploads\/2017\/12\/bandjaun-230x4.jpg 230w, http:\/\/wordpress.missgriff.org\/wp-content\/uploads\/2017\/12\/bandjaun-350x7.jpg 350w, http:\/\/wordpress.missgriff.org\/wp-content\/uploads\/2017\/12\/bandjaun-480x9.jpg 480w\" sizes=\"(max-width: 1045px) 100vw, 1045px\" \/><\/p>\n<p><span style=\"font-family: helvetica,arial,sans-serif;\"><a href=\"http:\/\/wordpress.missgriff.org\/wp-content\/uploads\/2019\/09\/ATELIERS_FORUM-20_bdef.pdf\" target=\"_blank\" rel=\"noopener\"><img loading=\"lazy\" class=\"alignleft wp-image-2441\" src=\"http:\/\/wordpress.missgriff.org\/wp-content\/uploads\/2019\/09\/ATELIERS_FORUM-20.jpg\" alt=\"\" width=\"245\" height=\"348\" srcset=\"http:\/\/wordpress.missgriff.org\/wp-content\/uploads\/2019\/09\/ATELIERS_FORUM-20.jpg 1748w, http:\/\/wordpress.missgriff.org\/wp-content\/uploads\/2019\/09\/ATELIERS_FORUM-20-768x1090.jpg 768w, http:\/\/wordpress.missgriff.org\/wp-content\/uploads\/2019\/09\/ATELIERS_FORUM-20-830x1178.jpg 830w, http:\/\/wordpress.missgriff.org\/wp-content\/uploads\/2019\/09\/ATELIERS_FORUM-20-230x326.jpg 230w, http:\/\/wordpress.missgriff.org\/wp-content\/uploads\/2019\/09\/ATELIERS_FORUM-20-350x497.jpg 350w, http:\/\/wordpress.missgriff.org\/wp-content\/uploads\/2019\/09\/ATELIERS_FORUM-20-480x681.jpg 480w\" sizes=\"(max-width: 245px) 100vw, 245px\" \/><\/a><\/span><span style=\"font-family: helvetica,arial,sans-serif; font-size: 14pt; color: #800080;\"><strong>LUTTER CONTRE L&rsquo;OPPRESSION SOCIALE<\/strong><\/span><\/p>\n<p style=\"text-align: left;\"><span style=\"font-family: helvetica,arial,sans-serif; font-size: 14pt; color: #800080;\"><strong>LA D\u00c9MARCHE DU TH\u00c9\u00c2TRE FORUM S\u2019ORIGINE DANS LA M\u00c9THODOLOGIE DU TH\u00c9\u00c2TRE DE L\u2019OPPRIM\u00c9, O\u00d9 IL EST QUESTION DE CHERCHER COMMENT \u00ab DEVENIR ACTEUR DE SA VIE \u00bb (AUGUSTO BOAL).<br \/>\nNICOLE CHARPAIL EST PRATICIENNE DE TH\u00c9\u00c2TRE DE L\u2019OPPRIM\u00c9, ELLE A TRAVAILL\u00c9 AVEC AUGUSTO BOAL AU CENTRE DU TH\u00c9\u00c2TRE DE L\u2019OPPRIM\u00c9 A. BOAL DE PARIS DE 1983 JUSQU\u2019\u00c0 SA DISPARITION EN 1998. ELLE EST ACTUELLEMENT MEMBRE DU R\u00c9SEAU TH\u00c9\u00c2TRE DE L\u2019OPPRIM\u00c9 (RTO).<\/strong><\/span><span style=\"font-family: helvetica,arial,sans-serif;\"><img loading=\"lazy\" class=\"size-full wp-image-1963 alignnone\" src=\"http:\/\/wordpress.missgriff.org\/wp-content\/uploads\/2017\/12\/bandjaun.jpg\" alt=\"\" width=\"1045\" height=\"20\" srcset=\"http:\/\/wordpress.missgriff.org\/wp-content\/uploads\/2017\/12\/bandjaun.jpg 1045w, http:\/\/wordpress.missgriff.org\/wp-content\/uploads\/2017\/12\/bandjaun-768x15.jpg 768w, http:\/\/wordpress.missgriff.org\/wp-content\/uploads\/2017\/12\/bandjaun-830x16.jpg 830w, http:\/\/wordpress.missgriff.org\/wp-content\/uploads\/2017\/12\/bandjaun-230x4.jpg 230w, http:\/\/wordpress.missgriff.org\/wp-content\/uploads\/2017\/12\/bandjaun-350x7.jpg 350w, http:\/\/wordpress.missgriff.org\/wp-content\/uploads\/2017\/12\/bandjaun-480x9.jpg 480w\" sizes=\"(max-width: 1045px) 100vw, 1045px\" \/><\/span><\/p>\nngg_shortcode_0_placeholder\n<p style=\"text-align: justify;\"><span style=\"font-family: helvetica,arial,sans-serif;\"><img loading=\"lazy\" class=\"size-full wp-image-1963 alignnone\" src=\"http:\/\/wordpress.missgriff.org\/wp-content\/uploads\/2017\/12\/bandjaun.jpg\" alt=\"\" width=\"1045\" height=\"20\" srcset=\"http:\/\/wordpress.missgriff.org\/wp-content\/uploads\/2017\/12\/bandjaun.jpg 1045w, http:\/\/wordpress.missgriff.org\/wp-content\/uploads\/2017\/12\/bandjaun-768x15.jpg 768w, http:\/\/wordpress.missgriff.org\/wp-content\/uploads\/2017\/12\/bandjaun-830x16.jpg 830w, http:\/\/wordpress.missgriff.org\/wp-content\/uploads\/2017\/12\/bandjaun-230x4.jpg 230w, http:\/\/wordpress.missgriff.org\/wp-content\/uploads\/2017\/12\/bandjaun-350x7.jpg 350w, http:\/\/wordpress.missgriff.org\/wp-content\/uploads\/2017\/12\/bandjaun-480x9.jpg 480w\" sizes=\"(max-width: 1045px) 100vw, 1045px\" \/><\/span><\/p>\n<p style=\"text-align: justify;\"><span style=\"font-family: helvetica,arial,sans-serif; font-size: 14pt; color: #800080;\"><strong style=\"font-family: helvetica,arial,sans-serif;\"><strong>\u00c0 QUI S&rsquo;ADRESSE L&rsquo;ATELIER ?<\/strong><\/strong><\/span><\/p>\n<p style=\"text-align: justify;\"><span style=\"color: #000000; font-family: helvetica,arial,sans-serif; font-size: 12pt;\">Notre atelier s\u2019adresse absolument \u00e0 TOUS, et particuli\u00e8rement toute personne impliqu\u00e9e dans les questions de la transformation sociale. Citoyens de tous horizons, origines et conditions, artistes, travailleurs sociaux et personnes subissant de plein fouet les difficult\u00e9s dues \u00e0 la pr\u00e9carit\u00e9, le handicap ou la discrimination y croisent leurs t\u00e9moignages et r\u00e9flexion afin de cr\u00e9er plusieurs th\u00e9\u00e2tres forum publics dans l\u2019ann\u00e9e sur les questions qui leur paraissent prioritaires.<\/span><br \/>\n<span style=\"color: #000000; font-family: helvetica,arial,sans-serif; font-size: 12pt;\"> De par sa fonction, notre travail accompagne tr\u00e8s sp\u00e9cifiquement les \u00e9ventuelles difficult\u00e9s d\u2019expression ou de compr\u00e9hension des personnes ordinairement \u00e9cart\u00e9es de l\u2019\u00e9change culturel et social.<\/span><\/p>\n<p style=\"text-align: justify;\"><span style=\"font-family: helvetica,arial,sans-serif; font-size: 12pt; color: #000000;\">Le Th\u00e9\u00e2tre Forum interroge tous les champs de la vie et de la relation sociale \u00e0 la mesure du questionnement d\u2019ordre \u00e9thique qui les traverse. (Relations dans les institutions, dans le groupe, la famille, le couple, de personne \u00e0 personne &#8211; mais \u00e9galement acc\u00e8s aux droits, logement, travail, sant\u00e9, \u00e9ducation, culture, justice). Nous mettons en sc\u00e8ne collectivement les probl\u00e9matiques de vie sociale dont chacun peut t\u00e9moigner depuis son parcours singulier, afin de chercher ensemble des alternatives aux situations insatisfaisantes et oppressives.<br \/>\n<span style=\"font-family: helvetica,arial,sans-serif;\"><img loading=\"lazy\" class=\"size-full wp-image-1963 alignnone\" src=\"http:\/\/wordpress.missgriff.org\/wp-content\/uploads\/2017\/12\/bandjaun.jpg\" alt=\"\" width=\"1045\" height=\"20\" srcset=\"http:\/\/wordpress.missgriff.org\/wp-content\/uploads\/2017\/12\/bandjaun.jpg 1045w, http:\/\/wordpress.missgriff.org\/wp-content\/uploads\/2017\/12\/bandjaun-768x15.jpg 768w, http:\/\/wordpress.missgriff.org\/wp-content\/uploads\/2017\/12\/bandjaun-830x16.jpg 830w, http:\/\/wordpress.missgriff.org\/wp-content\/uploads\/2017\/12\/bandjaun-230x4.jpg 230w, http:\/\/wordpress.missgriff.org\/wp-content\/uploads\/2017\/12\/bandjaun-350x7.jpg 350w, http:\/\/wordpress.missgriff.org\/wp-content\/uploads\/2017\/12\/bandjaun-480x9.jpg 480w\" sizes=\"(max-width: 1045px) 100vw, 1045px\" \/><\/span><br \/>\n<\/span><\/p>\n<p style=\"text-align: justify;\"><span style=\"font-family: helvetica,arial,sans-serif;\"><span style=\"font-family: helvetica, arial, sans-serif; font-size: 12pt;\"><span style=\"color: #660066;\"><b><span style=\"font-size: 14pt;\">Atelier hebdomadaire 2019\/2020&nbsp;<\/span><br \/>\n<\/b><\/span><span style=\"color: #000000;\">Ouvert \u00e0 tous et en collaboration avec PARIS D\u2019EXIL<\/span><br \/>\n<span style=\"color: #000000;\">Les mercredis de 14H \u00e0 17H<\/span><br \/>\n<span style=\"color: #000000;\"><a style=\"color: #000000;\" name=\"_GoBack\"><\/a>Lieu&nbsp;: La Maison Ouverte \u2013 17 rue Hoche 93100 Montreuil<\/span><br \/>\n<span style=\"color: #000000;\">Tarif: 30 euros par trimestre &#8211; gratuit pour les personnes sans ressources<br \/>\n&nbsp;<\/span><\/span><img loading=\"lazy\" class=\"size-full wp-image-1967 alignnone\" src=\"http:\/\/wordpress.missgriff.org\/wp-content\/uploads\/2017\/12\/bandnoir.jpg\" alt=\"\" width=\"1045\" height=\"10\" srcset=\"http:\/\/wordpress.missgriff.org\/wp-content\/uploads\/2017\/12\/bandnoir.jpg 1045w, http:\/\/wordpress.missgriff.org\/wp-content\/uploads\/2017\/12\/bandnoir-768x7.jpg 768w, http:\/\/wordpress.missgriff.org\/wp-content\/uploads\/2017\/12\/bandnoir-830x8.jpg 830w, http:\/\/wordpress.missgriff.org\/wp-content\/uploads\/2017\/12\/bandnoir-230x2.jpg 230w, http:\/\/wordpress.missgriff.org\/wp-content\/uploads\/2017\/12\/bandnoir-350x3.jpg 350w, http:\/\/wordpress.missgriff.org\/wp-content\/uploads\/2017\/12\/bandnoir-480x5.jpg 480w\" sizes=\"(max-width: 1045px) 100vw, 1045px\" \/><\/span><\/p>\n<p><strong><span style=\"font-family: helvetica, arial, sans-serif; font-size: 14pt; color: #800080;\">Mod\u00e8le de Th\u00e9\u00e2tre Forum: Insertion peu probable \u00e0 P\u00f4le Emploi<\/span><\/strong><\/p>\n<p style=\"text-align: justify;\"><span style=\"font-size: 10pt;\"><span style=\"font-family: helvetica,arial,sans-serif;\"><span style=\"color: #000080;\"><span style=\"font-family: georgia,palatino,serif;\"><span style=\"font-family: 'arial black', sans-serif; font-size: 12pt; color: #000000;\"><iframe loading=\"lazy\" src=\"https:\/\/www.youtube.com\/embed\/o1O2P-DV0IY\" width=\"560\" height=\"315\" frameborder=\"0\" allowfullscreen=\"allowfullscreen\"><\/iframe><br \/>\n<img loading=\"lazy\" class=\"size-full wp-image-1967 alignnone\" src=\"http:\/\/wordpress.missgriff.org\/wp-content\/uploads\/2017\/12\/bandnoir.jpg\" alt=\"\" width=\"1045\" height=\"10\" srcset=\"http:\/\/wordpress.missgriff.org\/wp-content\/uploads\/2017\/12\/bandnoir.jpg 1045w, http:\/\/wordpress.missgriff.org\/wp-content\/uploads\/2017\/12\/bandnoir-768x7.jpg 768w, http:\/\/wordpress.missgriff.org\/wp-content\/uploads\/2017\/12\/bandnoir-830x8.jpg 830w, http:\/\/wordpress.missgriff.org\/wp-content\/uploads\/2017\/12\/bandnoir-230x2.jpg 230w, http:\/\/wordpress.missgriff.org\/wp-content\/uploads\/2017\/12\/bandnoir-350x3.jpg 350w, http:\/\/wordpress.missgriff.org\/wp-content\/uploads\/2017\/12\/bandnoir-480x5.jpg 480w\" sizes=\"(max-width: 1045px) 100vw, 1045px\" \/><br \/>\n&gt;&gt;&gt;<\/span> <a href=\"http:\/\/missgriff.org\/wp-content\/uploads\/2017\/05\/menu-theatre-forum-details-methodologies-artistiques-.pdf\" target=\"_blank\" rel=\"noopener\"><span style=\"color: #ff00ff;\"><span style=\"font-family: helvetica,arial,sans-serif;\">VOIR D\u00c9TAILS DES M\u00c9THODOLOGIES ARTISTIQUES TH\u00c9\u00c2TRE FORUM<\/span><\/span><\/a><\/span><br \/>\n<span style=\"font-family: 'arial black', sans-serif; font-size: 12pt; color: #000000;\">&gt;&gt;&gt; <\/span><\/span><\/span><span style=\"font-family: helvetica,arial,sans-serif;\"><span style=\"color: #000000;\"><a href=\"http:\/\/wordpress.missgriff.org\/wp-content\/uploads\/2019\/09\/ATELIERS_FORUM-20_bdef.pdf\" target=\"_blank\" rel=\"noopener\"><span style=\"color: #ff00ff;\">VOIR LA PLAQUETTE DE L&rsquo;ATELIER<\/span><\/a><br \/>\n<\/span><span style=\"font-size: 12pt; font-family: 'arial black', sans-serif; color: #000000;\">&gt;&gt;&gt;<\/span> <a href=\"http:\/\/missgriff.org\/?page_id=120\" target=\"_blank\" rel=\"noopener\"><span style=\"color: #ff00ff;\">VOIR FILMOGRAPHIE TH\u00c9\u00c2TRE FORUM<\/span><\/a><\/span><\/span><span style=\"font-size: 10pt; color: #000000; font-family: helvetica,arial,sans-serif;\"><br \/>\n<\/span><\/p>\n<p style=\"text-align: justify;\"><span style=\"font-family: helvetica,arial,sans-serif;\"><img loading=\"lazy\" class=\"wp-image-2174 size-full alignnone\" src=\"http:\/\/wordpress.missgriff.org\/wp-content\/uploads\/2018\/01\/triangle-jaune.jpg\" alt=\"\" width=\"1045\" height=\"432\" srcset=\"http:\/\/wordpress.missgriff.org\/wp-content\/uploads\/2018\/01\/triangle-jaune.jpg 1045w, http:\/\/wordpress.missgriff.org\/wp-content\/uploads\/2018\/01\/triangle-jaune-768x317.jpg 768w, http:\/\/wordpress.missgriff.org\/wp-content\/uploads\/2018\/01\/triangle-jaune-830x343.jpg 830w, http:\/\/wordpress.missgriff.org\/wp-content\/uploads\/2018\/01\/triangle-jaune-230x95.jpg 230w, http:\/\/wordpress.missgriff.org\/wp-content\/uploads\/2018\/01\/triangle-jaune-350x145.jpg 350w, http:\/\/wordpress.missgriff.org\/wp-content\/uploads\/2018\/01\/triangle-jaune-480x198.jpg 480w\" sizes=\"(max-width: 1045px) 100vw, 1045px\" \/><\/span><\/p>\n","protected":false},"excerpt":{"rendered":"<p>LUTTER CONTRE L&rsquo;OPPRESSION SOCIALE LA D\u00c9MARCHE DU TH\u00c9\u00c2TRE FORUM S\u2019ORIGINE DANS LA M\u00c9THODOLOGIE DU TH\u00c9\u00c2TRE DE L\u2019OPPRIM\u00c9, O\u00d9 IL EST QUESTION DE CHERCHER COMMENT \u00ab DEVENIR ACTEUR DE SA VIE \u00bb (AUGUSTO BOAL). NICOLE CHARPAIL EST PRATICIENNE DE TH\u00c9\u00c2TRE DE L\u2019OPPRIM\u00c9, ELLE A TRAVAILL\u00c9 AVEC AUGUSTO BOAL AU CENTRE DU TH\u00c9\u00c2TRE DE L\u2019OPPRIM\u00c9 A. BOAL [&hellip;]<\/p>\n","protected":false},"author":1,"featured_media":0,"parent":0,"menu_order":0,"comment_status":"closed","ping_status":"closed","template":"","meta":{"ngg_post_thumbnail":0},"_links":{"self":[{"href":"http:\/\/wordpress.missgriff.org\/index.php?rest_route=\/wp\/v2\/pages\/102"}],"collection":[{"href":"http:\/\/wordpress.missgriff.org\/index.php?rest_route=\/wp\/v2\/pages"}],"about":[{"href":"http:\/\/wordpress.missgriff.org\/index.php?rest_route=\/wp\/v2\/types\/page"}],"author":[{"embeddable":true,"href":"http:\/\/wordpress.missgriff.org\/index.php?rest_route=\/wp\/v2\/users\/1"}],"replies":[{"embeddable":true,"href":"http:\/\/wordpress.missgriff.org\/index.php?rest_route=%2Fwp%2Fv2%2Fcomments&post=102"}],"version-history":[{"count":83,"href":"http:\/\/wordpress.missgriff.org\/index.php?rest_route=\/wp\/v2\/pages\/102\/revisions"}],"predecessor-version":[{"id":2498,"href":"http:\/\/wordpress.missgriff.org\/index.php?rest_route=\/wp\/v2\/pages\/102\/revisions\/2498"}],"wp:attachment":[{"href":"http:\/\/wordpress.missgriff.org\/index.php?rest_route=%2Fwp%2Fv2%2Fmedia&parent=102"}],"curies":[{"name":"wp","href":"https:\/\/api.w.org\/{rel}","templated":true}]}}